{"id":3868,"date":"2020-11-19T11:01:04","date_gmt":"2020-11-19T11:01:04","guid":{"rendered":"https:\/\/editura-doinacornea.ro\/?page_id=3868"},"modified":"2020-11-19T11:01:41","modified_gmt":"2020-11-19T11:01:41","slug":"de-la-opozitie-spre-libertate-buletin-informativ-nr-4","status":"publish","type":"page","link":"https:\/\/editura-doinacornea.ro\/index.php\/de-la-opozitie-spre-libertate-buletin-informativ-nr-4\/","title":{"rendered":"De la opozi\u021bie spre libertate &#8211; Buletin informativ nr. 4"},"content":{"rendered":"<!--themify_builder_content-->\n<div id=\"themify_builder_content-3868\" data-postid=\"3868\" class=\"themify_builder_content themify_builder_content-3868 themify_builder tf_clear\">\n    \t<!-- module_row -->\n\t<div  data-lazy=\"1\" class=\"module_row themify_builder_row tb_9hhv781 tb_first tf_clearfix\">\n\t    \t\t<div class=\"row_inner col_align_top col-count-1 tf_box tf_w tf_rel\">\n\t\t\t<div  data-lazy=\"1\" class=\"module_column tb-column col-full first tb_kjg6782 tf_box\">\n\t\t\t    \t        <div class=\"tb-column-inner tf_box tf_w\">\n\t\t    <!-- module fancy heading -->\n<div  class=\"module module-fancy-heading tb_afk1235 \" data-lazy=\"1\">\n        <h1 class=\"fancy-heading tf_textc\">\n    <span  class=\"main-head tf_block\">\n\t\t\t\t\tDe la opozi\u021bie spre libertate\t\t    <\/span>\n    <span class=\"sub-head tf_block tf_rel\">\n\t\t\t\t\tBuletin informativ nr. 4\t\t    <\/span>\n    <\/h1>\n<\/div>\n<!-- \/module fancy heading -->\n\t        <\/div>\n\t    \t<\/div>\n\t\t    <\/div>\n\t    <!-- \/row_inner -->\n\t<\/div>\n\t<!-- \/module_row -->\n\t\t<!-- module_row -->\n\t<div  data-lazy=\"1\" class=\"module_row themify_builder_row tb_hiah637 tf_clearfix\">\n\t    \t\t<div class=\"row_inner col_align_top col-count-1 tf_box tf_w tf_rel\">\n\t\t\t<div  data-lazy=\"1\" class=\"module_column tb-column col-full first tb_yf2m637 tf_box\">\n\t\t\t    \t        <div class=\"tb-column-inner tf_box tf_w\">\n\t\t        <!-- module post -->\n    <div  class=\"module module-post tb_qb24806  tb_fullwidth_image\">\n                <div  class=\"builder-posts-wrap loops-wrapper grid3 masonry boxed tf_rel tf_clear tf_clearfix\" data-lazy=\"1\">\n            <article id=\"post-3864\" class=\"post tf_clearfix post-3864 type-post status-publish format-standard has-post-thumbnail hentry category-buletin-informativ-4 category-uncategorized has-post-title no-post-date has-post-category has-post-tag has-post-comment has-post-author \">\n\t    \n\t\t\t<a href=\"https:\/\/editura-doinacornea.ro\/index.php\/2020\/11\/16\/doina-cornea-cateva-pagini-de-jurnal\/\" aria-label=\"Doina Cornea \u2013 C\u00e2teva pagini de jurnal\" data-post-permalink=\"yes\" style=\"display: none;\"><\/a>\n\t    \t\t\t<figure class=\"post-image tf_clearfix\">\n\t\t\t    \t\t\t\t\t\t\t\t<a href=\"https:\/\/editura-doinacornea.ro\/index.php\/2020\/11\/16\/doina-cornea-cateva-pagini-de-jurnal\/\">\n\t\t\t\t\t\t\t\t<img loading=\"lazy\" width=\"450\" height=\"450\" src=\"https:\/\/editura-doinacornea.ro\/wp-content\/uploads\/2020\/11\/Doina-Cornea-O-pagina-de-jurnal.jpg\" class=\"wp-post-image wp-image-3866\" title=\"Doina-Cornea-O-pagina-de-jurnal\" alt=\"Doina-Cornea-O-pagina-de-jurnal\" srcset=\"https:\/\/editura-doinacornea.ro\/wp-content\/uploads\/2020\/11\/Doina-Cornea-O-pagina-de-jurnal.jpg 450w, https:\/\/editura-doinacornea.ro\/wp-content\/uploads\/2020\/11\/Doina-Cornea-O-pagina-de-jurnal-300x300.jpg 300w, https:\/\/editura-doinacornea.ro\/wp-content\/uploads\/2020\/11\/Doina-Cornea-O-pagina-de-jurnal-150x150.jpg 150w, https:\/\/editura-doinacornea.ro\/wp-content\/uploads\/2020\/11\/Doina-Cornea-O-pagina-de-jurnal-100x100.jpg 100w, https:\/\/editura-doinacornea.ro\/wp-content\/uploads\/2020\/11\/Doina-Cornea-O-pagina-de-jurnal-1024x1024.jpg 1024w\" sizes=\"(max-width: 450px) 100vw, 450px\" \/>\t\t\t\t\t\t\t\t    \t\t\t\t<\/a>\n\t\t\t\t\t\t\t    \t\t\t<\/figure>\n\t\t\t\t<div class=\"post-content\">\n\t\t<div class=\"post-content-inner\">\n\n\t\t\t\n\t\t\t<h2 class=\"post-title entry-title\"><a href=\"https:\/\/editura-doinacornea.ro\/index.php\/2020\/11\/16\/doina-cornea-cateva-pagini-de-jurnal\/\">Doina Cornea \u2013 C\u00e2teva pagini de jurnal<\/a><\/h2>\n\t\t\t\n\t\t\t\n\t\t\t\t<div class=\"entry-content\">\n\n        \n\t<\/div><!-- \/.entry-content -->\n\t\n\t\t<\/div>\n\t\t<!-- \/.post-content-inner -->\n\t<\/div>\n\t<!-- \/.post-content -->\n\t\n<\/article>\n<!-- \/.post -->\n<article id=\"post-3861\" class=\"post tf_clearfix post-3861 type-post status-publish format-standard has-post-thumbnail hentry category-buletin-informativ-4 category-uncategorized has-post-title no-post-date has-post-category has-post-tag has-post-comment has-post-author \">\n\t    \n\t\t\t<a href=\"https:\/\/editura-doinacornea.ro\/index.php\/2020\/11\/16\/in-curand-in-librarii-cornel-jurju-doina-cornea-dincolo-de-zid-individualitate-autenticitate-si-opozitie-in-comunism\/\" aria-label=\"\u00cen cur\u00e2nd \u00een libr\u0103rii: Cornel Jurju \u2013 Doina Cornea: dincolo de zid Individualitate, autenticitate \u015fi opozi\u0163ie \u00een comunism\" data-post-permalink=\"yes\" style=\"display: none;\"><\/a>\n\t    \t\t\t<figure class=\"post-image tf_clearfix\">\n\t\t\t    \t\t\t\t\t\t\t\t<a href=\"https:\/\/editura-doinacornea.ro\/index.php\/2020\/11\/16\/in-curand-in-librarii-cornel-jurju-doina-cornea-dincolo-de-zid-individualitate-autenticitate-si-opozitie-in-comunism\/\">\n\t\t\t\t\t\t\t\t<img loading=\"lazy\" width=\"800\" height=\"1143\" src=\"https:\/\/editura-doinacornea.ro\/wp-content\/uploads\/2020\/11\/In-curand-in-librarii-doina-cornea-dincolo-de-zid.jpg\" class=\"wp-post-image wp-image-3863\" title=\"In-curand-in-librarii-doina-cornea-dincolo-de-zid\" alt=\"In-curand-in-librarii-doina-cornea-dincolo-de-zid\" srcset=\"https:\/\/editura-doinacornea.ro\/wp-content\/uploads\/2020\/11\/In-curand-in-librarii-doina-cornea-dincolo-de-zid.jpg 800w, https:\/\/editura-doinacornea.ro\/wp-content\/uploads\/2020\/11\/In-curand-in-librarii-doina-cornea-dincolo-de-zid-210x300.jpg 210w, https:\/\/editura-doinacornea.ro\/wp-content\/uploads\/2020\/11\/In-curand-in-librarii-doina-cornea-dincolo-de-zid-717x1024.jpg 717w, https:\/\/editura-doinacornea.ro\/wp-content\/uploads\/2020\/11\/In-curand-in-librarii-doina-cornea-dincolo-de-zid-768x1097.jpg 768w, https:\/\/editura-doinacornea.ro\/wp-content\/uploads\/2020\/11\/In-curand-in-librarii-doina-cornea-dincolo-de-zid-600x857.jpg 600w, https:\/\/editura-doinacornea.ro\/wp-content\/uploads\/2020\/11\/In-curand-in-librarii-doina-cornea-dincolo-de-zid-717x1024-1024x1463.jpg 1024w\" sizes=\"(max-width: 800px) 100vw, 800px\" \/>\t\t\t\t\t\t\t\t    \t\t\t\t<\/a>\n\t\t\t\t\t\t\t    \t\t\t<\/figure>\n\t\t\t\t<div class=\"post-content\">\n\t\t<div class=\"post-content-inner\">\n\n\t\t\t\n\t\t\t<h2 class=\"post-title entry-title\"><a href=\"https:\/\/editura-doinacornea.ro\/index.php\/2020\/11\/16\/in-curand-in-librarii-cornel-jurju-doina-cornea-dincolo-de-zid-individualitate-autenticitate-si-opozitie-in-comunism\/\">\u00cen cur\u00e2nd \u00een libr\u0103rii: Cornel Jurju \u2013 Doina Cornea: dincolo de zid Individualitate, autenticitate \u015fi opozi\u0163ie \u00een comunism<\/a><\/h2>\n\t\t\t\n\t\t\t\n\t\t\t\t<div class=\"entry-content\">\n\n        \n\t<\/div><!-- \/.entry-content -->\n\t\n\t\t<\/div>\n\t\t<!-- \/.post-content-inner -->\n\t<\/div>\n\t<!-- \/.post-content -->\n\t\n<\/article>\n<!-- \/.post -->\n<article id=\"post-3858\" class=\"post tf_clearfix post-3858 type-post status-publish format-standard has-post-thumbnail hentry category-buletin-informativ-4 has-post-title no-post-date has-post-category has-post-tag has-post-comment has-post-author \">\n\t    \n\t\t\t<a href=\"https:\/\/editura-doinacornea.ro\/index.php\/2020\/11\/16\/asa-se-vede-toamna-de-la-fereastra-casei-doamnei-doina-cornea-geanina-simion\/\" aria-label=\"A\u0219a se vede toamna de la fereastra casei doamnei Doina Cornea &#8211; Geanina Simion\" data-post-permalink=\"yes\" style=\"display: none;\"><\/a>\n\t    \t\t\t<figure class=\"post-image tf_clearfix\">\n\t\t\t    \t\t\t\t\t\t\t\t<a href=\"https:\/\/editura-doinacornea.ro\/index.php\/2020\/11\/16\/asa-se-vede-toamna-de-la-fereastra-casei-doamnei-doina-cornea-geanina-simion\/\">\n\t\t\t\t\t\t\t\t<img loading=\"lazy\" width=\"526\" height=\"935\" src=\"https:\/\/editura-doinacornea.ro\/wp-content\/uploads\/2020\/11\/Geanina-Simion.jpg\" class=\"wp-post-image wp-image-3859\" title=\"Geanina-Simion\" alt=\"Geanina-Simion\" srcset=\"https:\/\/editura-doinacornea.ro\/wp-content\/uploads\/2020\/11\/Geanina-Simion.jpg 526w, https:\/\/editura-doinacornea.ro\/wp-content\/uploads\/2020\/11\/Geanina-Simion-169x300.jpg 169w, https:\/\/editura-doinacornea.ro\/wp-content\/uploads\/2020\/11\/Geanina-Simion-1024x1820.jpg 1024w\" sizes=\"(max-width: 526px) 100vw, 526px\" \/>\t\t\t\t\t\t\t\t    \t\t\t\t<\/a>\n\t\t\t\t\t\t\t    \t\t\t<\/figure>\n\t\t\t\t<div class=\"post-content\">\n\t\t<div class=\"post-content-inner\">\n\n\t\t\t\n\t\t\t<h2 class=\"post-title entry-title\"><a href=\"https:\/\/editura-doinacornea.ro\/index.php\/2020\/11\/16\/asa-se-vede-toamna-de-la-fereastra-casei-doamnei-doina-cornea-geanina-simion\/\">A\u0219a se vede toamna de la fereastra casei doamnei Doina Cornea &#8211; Geanina Simion<\/a><\/h2>\n\t\t\t\n\t\t\t\n\t\t\t\t<div class=\"entry-content\">\n\n        \n\t<\/div><!-- \/.entry-content -->\n\t\n\t\t<\/div>\n\t\t<!-- \/.post-content-inner -->\n\t<\/div>\n\t<!-- \/.post-content -->\n\t\n<\/article>\n<!-- \/.post -->\n<article id=\"post-3855\" class=\"post tf_clearfix post-3855 type-post status-publish format-standard has-post-thumbnail hentry category-buletin-informativ-4 has-post-title no-post-date has-post-category has-post-tag has-post-comment has-post-author \">\n\t    \n\t\t\t<a href=\"https:\/\/editura-doinacornea.ro\/index.php\/2020\/11\/16\/33-leontin-h-iuhas\/\" aria-label=\"33 &#8211; Leontin H. Iuhas\" data-post-permalink=\"yes\" style=\"display: none;\"><\/a>\n\t    \t\t\t<figure class=\"post-image tf_clearfix\">\n\t\t\t    \t\t\t\t\t\t\t\t<a href=\"https:\/\/editura-doinacornea.ro\/index.php\/2020\/11\/16\/33-leontin-h-iuhas\/\">\n\t\t\t\t\t\t\t\t<img loading=\"lazy\" width=\"800\" height=\"400\" src=\"https:\/\/editura-doinacornea.ro\/wp-content\/uploads\/2020\/11\/Leontin-Horaiu-Iuhas.jpg\" class=\"wp-post-image wp-image-3856\" title=\"Leontin-Horaiu-Iuhas\" alt=\"Leontin-Horaiu-Iuhas\" srcset=\"https:\/\/editura-doinacornea.ro\/wp-content\/uploads\/2020\/11\/Leontin-Horaiu-Iuhas.jpg 800w, https:\/\/editura-doinacornea.ro\/wp-content\/uploads\/2020\/11\/Leontin-Horaiu-Iuhas-300x150.jpg 300w, https:\/\/editura-doinacornea.ro\/wp-content\/uploads\/2020\/11\/Leontin-Horaiu-Iuhas-768x384.jpg 768w, https:\/\/editura-doinacornea.ro\/wp-content\/uploads\/2020\/11\/Leontin-Horaiu-Iuhas-600x300.jpg 600w, https:\/\/editura-doinacornea.ro\/wp-content\/uploads\/2020\/11\/Leontin-Horaiu-Iuhas-1024x512.jpg 1024w\" sizes=\"(max-width: 800px) 100vw, 800px\" \/>\t\t\t\t\t\t\t\t    \t\t\t\t<\/a>\n\t\t\t\t\t\t\t    \t\t\t<\/figure>\n\t\t\t\t<div class=\"post-content\">\n\t\t<div class=\"post-content-inner\">\n\n\t\t\t\n\t\t\t<h2 class=\"post-title entry-title\"><a href=\"https:\/\/editura-doinacornea.ro\/index.php\/2020\/11\/16\/33-leontin-h-iuhas\/\">33 &#8211; Leontin H. Iuhas<\/a><\/h2>\n\t\t\t\n\t\t\t\n\t\t\t\t<div class=\"entry-content\">\n\n        \n\t<\/div><!-- \/.entry-content -->\n\t\n\t\t<\/div>\n\t\t<!-- \/.post-content-inner -->\n\t<\/div>\n\t<!-- \/.post-content -->\n\t\n<\/article>\n<!-- \/.post -->\n<article id=\"post-3852\" class=\"post tf_clearfix post-3852 type-post status-publish format-standard has-post-thumbnail hentry category-buletin-informativ-4 has-post-title no-post-date has-post-category has-post-tag has-post-comment has-post-author \">\n\t    \n\t\t\t<a href=\"https:\/\/editura-doinacornea.ro\/index.php\/2020\/11\/16\/frati-brasoveni\/\" aria-label=\"FRA\u0162I BRA\u015eOVENI&#8230;\" data-post-permalink=\"yes\" style=\"display: none;\"><\/a>\n\t    \t\t\t<figure class=\"post-image tf_clearfix\">\n\t\t\t    \t\t\t\t\t\t\t\t<a href=\"https:\/\/editura-doinacornea.ro\/index.php\/2020\/11\/16\/frati-brasoveni\/\">\n\t\t\t\t\t\t\t\t<img loading=\"lazy\" width=\"200\" height=\"200\" src=\"https:\/\/editura-doinacornea.ro\/wp-content\/uploads\/2020\/11\/Doina-Cornea-Frati-Brasoveni.jpg\" class=\"wp-post-image wp-image-3853\" title=\"Doina-Cornea-Frati-Brasoveni\" alt=\"Doina-Cornea-Frati-Brasoveni\" srcset=\"https:\/\/editura-doinacornea.ro\/wp-content\/uploads\/2020\/11\/Doina-Cornea-Frati-Brasoveni.jpg 200w, https:\/\/editura-doinacornea.ro\/wp-content\/uploads\/2020\/11\/Doina-Cornea-Frati-Brasoveni-150x150.jpg 150w, https:\/\/editura-doinacornea.ro\/wp-content\/uploads\/2020\/11\/Doina-Cornea-Frati-Brasoveni-100x100.jpg 100w\" sizes=\"(max-width: 200px) 100vw, 200px\" \/>\t\t\t\t\t\t\t\t    \t\t\t\t<\/a>\n\t\t\t\t\t\t\t    \t\t\t<\/figure>\n\t\t\t\t<div class=\"post-content\">\n\t\t<div class=\"post-content-inner\">\n\n\t\t\t\n\t\t\t<h2 class=\"post-title entry-title\"><a href=\"https:\/\/editura-doinacornea.ro\/index.php\/2020\/11\/16\/frati-brasoveni\/\">FRA\u0162I BRA\u015eOVENI&#8230;<\/a><\/h2>\n\t\t\t\n\t\t\t\n\t\t\t\t<div class=\"entry-content\">\n\n        \n\t<\/div><!-- \/.entry-content -->\n\t\n\t\t<\/div>\n\t\t<!-- \/.post-content-inner -->\n\t<\/div>\n\t<!-- \/.post-content -->\n\t\n<\/article>\n<!-- \/.post -->\n<article id=\"post-3849\" class=\"post tf_clearfix post-3849 type-post status-publish format-standard has-post-thumbnail hentry category-buletin-informativ-4 has-post-title no-post-date has-post-category has-post-tag has-post-comment has-post-author \">\n\t    \n\t\t\t<a href=\"https:\/\/editura-doinacornea.ro\/index.php\/2020\/11\/16\/doina-cornea-si-exodul-tinerilor-cornel-jurju\/\" aria-label=\"Doina Cornea \u0219i exodul tinerilor &#8211; Cornel Jurju\" data-post-permalink=\"yes\" style=\"display: none;\"><\/a>\n\t    \t\t\t<figure class=\"post-image tf_clearfix\">\n\t\t\t    \t\t\t\t\t\t\t\t<a href=\"https:\/\/editura-doinacornea.ro\/index.php\/2020\/11\/16\/doina-cornea-si-exodul-tinerilor-cornel-jurju\/\">\n\t\t\t\t\t\t\t\t<img loading=\"lazy\" width=\"272\" height=\"382\" src=\"https:\/\/editura-doinacornea.ro\/wp-content\/uploads\/2020\/11\/Cornel-Jurju.jpg\" class=\"wp-post-image wp-image-3851\" title=\"Cornel-Jurju\" alt=\"Cornel-Jurju\" srcset=\"https:\/\/editura-doinacornea.ro\/wp-content\/uploads\/2020\/11\/Cornel-Jurju.jpg 272w, https:\/\/editura-doinacornea.ro\/wp-content\/uploads\/2020\/11\/Cornel-Jurju-214x300.jpg 214w, https:\/\/editura-doinacornea.ro\/wp-content\/uploads\/2020\/11\/Cornel-Jurju-1024x1438.jpg 1024w\" sizes=\"(max-width: 272px) 100vw, 272px\" \/>\t\t\t\t\t\t\t\t    \t\t\t\t<\/a>\n\t\t\t\t\t\t\t    \t\t\t<\/figure>\n\t\t\t\t<div class=\"post-content\">\n\t\t<div class=\"post-content-inner\">\n\n\t\t\t\n\t\t\t<h2 class=\"post-title entry-title\"><a href=\"https:\/\/editura-doinacornea.ro\/index.php\/2020\/11\/16\/doina-cornea-si-exodul-tinerilor-cornel-jurju\/\">Doina Cornea \u0219i exodul tinerilor &#8211; Cornel Jurju<\/a><\/h2>\n\t\t\t\n\t\t\t\n\t\t\t\t<div class=\"entry-content\">\n\n        \n\t<\/div><!-- \/.entry-content -->\n\t\n\t\t<\/div>\n\t\t<!-- \/.post-content-inner -->\n\t<\/div>\n\t<!-- \/.post-content -->\n\t\n<\/article>\n<!-- \/.post -->\n<article id=\"post-3842\" class=\"post tf_clearfix post-3842 type-post status-publish format-standard has-post-thumbnail hentry category-buletin-informativ-4 has-post-title no-post-date has-post-category has-post-tag has-post-comment has-post-author \">\n\t    \n\t\t\t<a href=\"https:\/\/editura-doinacornea.ro\/index.php\/2020\/11\/16\/ziua-care-nu-se-uita-brasov-15-noiembrie-1987-marius-oprea\/\" aria-label=\"Ziua care nu se uit\u0103 \u2013 Bra\u0219ov, 15 noiembrie 1987 &#8211; Marius Oprea\" data-post-permalink=\"yes\" style=\"display: none;\"><\/a>\n\t    \t\t\t<figure class=\"post-image tf_clearfix\">\n\t\t\t    \t\t\t\t\t\t\t\t<a href=\"https:\/\/editura-doinacornea.ro\/index.php\/2020\/11\/16\/ziua-care-nu-se-uita-brasov-15-noiembrie-1987-marius-oprea\/\">\n\t\t\t\t\t\t\t\t<img loading=\"lazy\" width=\"381\" height=\"536\" src=\"https:\/\/editura-doinacornea.ro\/wp-content\/uploads\/2020\/11\/Marius-Oprea.png\" class=\"wp-post-image wp-image-3845\" title=\"Marius-Oprea\" alt=\"Marius-Oprea\" srcset=\"https:\/\/editura-doinacornea.ro\/wp-content\/uploads\/2020\/11\/Marius-Oprea.png 381w, https:\/\/editura-doinacornea.ro\/wp-content\/uploads\/2020\/11\/Marius-Oprea-213x300.png 213w\" sizes=\"(max-width: 381px) 100vw, 381px\" \/>\t\t\t\t\t\t\t\t    \t\t\t\t<\/a>\n\t\t\t\t\t\t\t    \t\t\t<\/figure>\n\t\t\t\t<div class=\"post-content\">\n\t\t<div class=\"post-content-inner\">\n\n\t\t\t\n\t\t\t<h2 class=\"post-title entry-title\"><a href=\"https:\/\/editura-doinacornea.ro\/index.php\/2020\/11\/16\/ziua-care-nu-se-uita-brasov-15-noiembrie-1987-marius-oprea\/\">Ziua care nu se uit\u0103 \u2013 Bra\u0219ov, 15 noiembrie 1987 &#8211; Marius Oprea<\/a><\/h2>\n\t\t\t\n\t\t\t\n\t\t\t\t<div class=\"entry-content\">\n\n        \n\t<\/div><!-- \/.entry-content -->\n\t\n\t\t<\/div>\n\t\t<!-- \/.post-content-inner -->\n\t<\/div>\n\t<!-- \/.post-content -->\n\t\n<\/article>\n<!-- \/.post -->\n<article id=\"post-3837\" class=\"post tf_clearfix post-3837 type-post status-publish format-standard has-post-thumbnail hentry category-buletin-informativ-4 has-post-title no-post-date has-post-category has-post-tag has-post-comment has-post-author \">\n\t    \n\t\t\t<a href=\"https:\/\/editura-doinacornea.ro\/index.php\/2020\/11\/16\/acasa-la-doina-cornea-casa-de-poveste-pentru-o-zi\/\" aria-label=\"Acas\u0103 la Doina Cornea \u2013 Cas\u0103 de Poveste pentru o zi &#8211; Raluca Bugnar\" data-post-permalink=\"yes\" style=\"display: none;\"><\/a>\n\t    \t\t\t<figure class=\"post-image tf_clearfix\">\n\t\t\t    \t\t\t\t\t\t\t\t<a href=\"https:\/\/editura-doinacornea.ro\/index.php\/2020\/11\/16\/acasa-la-doina-cornea-casa-de-poveste-pentru-o-zi\/\">\n\t\t\t\t\t\t\t\t<img loading=\"lazy\" width=\"2400\" height=\"1600\" src=\"https:\/\/editura-doinacornea.ro\/wp-content\/uploads\/2020\/11\/IMG_6160.jpg\" class=\"wp-post-image wp-image-3847\" title=\"IMG_6160\" alt=\"IMG_6160\" srcset=\"https:\/\/editura-doinacornea.ro\/wp-content\/uploads\/2020\/11\/IMG_6160.jpg 2400w, https:\/\/editura-doinacornea.ro\/wp-content\/uploads\/2020\/11\/IMG_6160-300x200.jpg 300w, https:\/\/editura-doinacornea.ro\/wp-content\/uploads\/2020\/11\/IMG_6160-1024x683-1024x682.jpg 1024w, https:\/\/editura-doinacornea.ro\/wp-content\/uploads\/2020\/11\/IMG_6160-768x512.jpg 768w, https:\/\/editura-doinacornea.ro\/wp-content\/uploads\/2020\/11\/IMG_6160-1536x1024.jpg 1536w, https:\/\/editura-doinacornea.ro\/wp-content\/uploads\/2020\/11\/IMG_6160-2048x1365.jpg 2048w, https:\/\/editura-doinacornea.ro\/wp-content\/uploads\/2020\/11\/IMG_6160-600x400.jpg 600w\" sizes=\"(max-width: 2400px) 100vw, 2400px\" \/>\t\t\t\t\t\t\t\t    \t\t\t\t<\/a>\n\t\t\t\t\t\t\t    \t\t\t<\/figure>\n\t\t\t\t<div class=\"post-content\">\n\t\t<div class=\"post-content-inner\">\n\n\t\t\t\n\t\t\t<h2 class=\"post-title entry-title\"><a href=\"https:\/\/editura-doinacornea.ro\/index.php\/2020\/11\/16\/acasa-la-doina-cornea-casa-de-poveste-pentru-o-zi\/\">Acas\u0103 la Doina Cornea \u2013 Cas\u0103 de Poveste pentru o zi &#8211; Raluca Bugnar<\/a><\/h2>\n\t\t\t\n\t\t\t\n\t\t\t\t<div class=\"entry-content\">\n\n        \n\t<\/div><!-- \/.entry-content -->\n\t\n\t\t<\/div>\n\t\t<!-- \/.post-content-inner -->\n\t<\/div>\n\t<!-- \/.post-content -->\n\t\n<\/article>\n<!-- \/.post -->\n    <\/div><!-- .builder-posts-wrap -->\n    <\/div>\n    <!-- \/module post -->\n\t        <\/div>\n\t    \t<\/div>\n\t\t    <\/div>\n\t    <!-- \/row_inner -->\n\t<\/div>\n\t<!-- \/module_row -->\n\t<\/div>\n<!--\/themify_builder_content-->","protected":false},"excerpt":{"rendered":"<p>De la opozi\u021bie spre libertateBuletin informativ nr. 4<\/p>\n","protected":false},"author":1,"featured_media":0,"parent":0,"menu_order":0,"comment_status":"closed","ping_status":"closed","template":"","meta":[],"builder_content":"<h1>De la opozi\u021bie spre libertate<br\/>Buletin informativ nr. 4<\/h1>","_links":{"self":[{"href":"https:\/\/editura-doinacornea.ro\/index.php\/wp-json\/wp\/v2\/pages\/3868"}],"collection":[{"href":"https:\/\/editura-doinacornea.ro\/index.php\/wp-json\/wp\/v2\/pages"}],"about":[{"href":"https:\/\/editura-doinacornea.ro\/index.php\/wp-json\/wp\/v2\/types\/page"}],"author":[{"embeddable":true,"href":"https:\/\/editura-doinacornea.ro\/index.php\/wp-json\/wp\/v2\/users\/1"}],"replies":[{"embeddable":true,"href":"https:\/\/editura-doinacornea.ro\/index.php\/wp-json\/wp\/v2\/comments?post=3868"}],"version-history":[{"count":2,"href":"https:\/\/editura-doinacornea.ro\/index.php\/wp-json\/wp\/v2\/pages\/3868\/revisions"}],"predecessor-version":[{"id":3870,"href":"https:\/\/editura-doinacornea.ro\/index.php\/wp-json\/wp\/v2\/pages\/3868\/revisions\/3870"}],"wp:attachment":[{"href":"https:\/\/editura-doinacornea.ro\/index.php\/wp-json\/wp\/v2\/media?parent=3868"}],"curies":[{"name":"wp","href":"https:\/\/api.w.org\/{rel}","templated":true}]}}