{"id":410,"date":"2019-12-16T11:51:26","date_gmt":"2019-12-16T11:51:26","guid":{"rendered":"https:\/\/editura-doinacornea.ro\/?page_id=410"},"modified":"2022-08-31T16:17:34","modified_gmt":"2022-08-31T16:17:34","slug":"proiecte","status":"publish","type":"page","link":"https:\/\/editura-doinacornea.ro\/index.php\/proiecte\/","title":{"rendered":"Proiecte"},"content":{"rendered":"<!--themify_builder_content-->\n<div id=\"themify_builder_content-410\" data-postid=\"410\" class=\"themify_builder_content themify_builder_content-410 themify_builder tf_clear\">\n    \t<!-- module_row -->\n\t<div  data-lazy=\"1\" class=\"module_row themify_builder_row builder-parallax-scrolling tb_gn1k22 tb_first tf_clearfix\" >\n\t    \t\t<div class=\"row_inner col_align_top gutter-none col-count-1 tf_box tf_w tf_rel\"  data-tablet_dir=\"rtl\" data-mobile_dir=\"rtl\" data-basecol=\"1\" data-col_tablet=\"column-full\" data-col_mobile=\"column-full\">\n\t\t\t<div  data-lazy=\"1\" class=\"module_column tb-column col-full first tb_0xmx22 tf_box\">\n\t\t\t    \t        <div class=\"tb-column-inner tf_box tf_w\">\n\t\t    <!-- module text -->\n<div  class=\"module module-text tb_wxqf23   \" data-lazy=\"1\">\n        <div  class=\"tb_text_wrap\">\n    <p class=\"p1\" style=\"text-align: center;\"><b>(2019 \u2013 2.06.2021)<\/b><\/p>\n<p class=\"p3\">De\u0219i Funda\u021bia Doina Cornea a fost \u00eenfiin\u021bat\u0103 \u0219i \u00eenregistrat\u0103 doar \u00een data de 2.06.2021 ea a desf\u0103\u0219urat \u00eencep\u00e2nd cu anul 2020 \u015fi p\u00e2n\u0103 \u00een 2.06.2021, at\u00e2t c\u00e2t i-a permis legea, mai multe activit\u0103\u021bi convergente scopului \u0219i obiectivelor ei.<\/p>\n<p class=\"p1\">Printre acestea putem enumera<\/p>\n<ol class=\"ol1\">\n<li class=\"li1\">Demersuri, \u00eempreun\u0103 cu Funda\u0163ia Academia Civic\u0103 \u015fi Funda\u0163ia Corneliu Coposu, pe l\u00e2ng\u0103 Romfilatelia pentru <b>emiterea unui timbru comemorativ \u201eDoina Cornea\u201d<\/b>. Din p\u0103cate Romfilatelia nu a considerat oportun\u0103 emiterea acest timbru comemorativ, din 2019 \u015fi p\u00e2n\u0103 acum.<\/li>\n<li class=\"li1\">Organizarea, \u00een data de 20.02.2020, \u00een parteneriat cu Casa de Licita\u021bii Artmark \u0219i la sediul acesteia din Bucure\u0219ti, a unei conferin\u021be de pres\u0103 pentru sensibilizarea opiniei publice \u00een vederea str\u00e2ngerii de fonduri pentru \u00eenfiin\u0163area Funda\u021biei Doina Cornea \u0219i, implicit, crearea Casei memoriale Doina Cornea. Au participat \u0219i au \u021binut discursuri mai multe personalit\u0103\u021bi (pre\u0219edintele Emil Constantinescu, Dinu Zamfirescu) dar \u0219i reprezentan\u021bi ai unor institu\u021bii cum ar fi Ministerul Culturii sau AFPDR.<\/li>\n<li class=\"li1\"><b>Concert caritabil \u201eDoina Cornea \u2013 Lumina din \u00eentuneric\u201d<\/b> ce a avut loc \u00een data de 7.03.2020 \u00een sala de concerte Auditorium Maximum din Cluj (Casa Universitarilor). Concertul a fost sus\u021binut de Alexandru Tomescu \u0219i ansamblul \u201eFlauto Dolce\u201d beneficiind \u0219i de participarea actorului Dorel Vi\u0219an. Printre invita\u021bii de onoare care au participat \u0219i sus\u021binut discursuri la spectacol se num\u0103r\u0103 \u0219i pre\u0219edintele Emil Constantinescu, primarul Emil Boc, Ana Blandiana, Marius Oprea, reprezentan\u021bi ai AFPDR, ai Asocia\u021biei 15 Noiembrie 1987 Bra\u0219ov \u0219i al\u021bii.<\/li>\n<li>Sus\u021binerea, prin str\u00e2ngerea fondurilor necesare dar \u0219i prin participarea direct\u0103, a <b>campaniei de cercet\u0103ri arheologice pentru descoperirea victimelor comunismului desf\u0103\u0219urat\u0103 la Periprava \u00een perioada 31.08-4.09.2020<\/b>. Aceast\u0103 campanie s-a efectuat de colectivul de arheologi ai Funda\u021biei Doina Cornea \u00een parteneriat cu AFPDR \u0219i sub coordonarea Parchetului Militar.<\/li>\n<li>Sus\u021binerea, prin str\u00e2ngerea fondurilor necesare dar \u0219i prin participarea direct\u0103, a <b>campaniei de cercet\u0103ri arheologice pentru descoperirea victimelor comunismului desf\u0103\u0219urat\u0103 la T\u00e2rgu Ocna \u00een perioada 5-9.10.2020<\/b>. Aceast\u0103 campanie s-a efectuat de colectivul de arheologi ai Funda\u021biei Doina Cornea \u00een parteneriat cu AFPDR \u0219i sub coordonarea Parchetului Militar.<\/li>\n<li>Organizarea, \u00een parteneriat cu asocia\u021bia Create.Act.Enjoy, \u00een cadrul programului Case de Poveste (11-13.11.2020) a unei <b>vizite ghidate \u00een casa Doinei Cornea<\/b>.<\/li>\n<li>Preg\u0103tirea, \u00een parteneriat cu Artmark, a licita\u021biei caritabile pentru sprijinirea \u00eenfiin\u021b\u0103rii Funda\u021biei Doina Cornea ce a avut loc \u00een data de 16.12.2020 doar online, f\u0103r\u0103 participarea noastr\u0103 datorit\u0103 condi\u021biilor impuse pe timpul pandemiei.<\/li>\n<li>Preg\u0103tirea \u0219i organizarea, \u00een parteneriat cu Centrul Ceh de la Bucure\u0219ti, Muzeul Etnografic al Transilvaniei, Create.Act.Enjoy \u0219i Artmark a <b>expozi\u021biei \u201eEroinele\u201d, av\u00e2nd ca punct central personalitatea Doinei Cornea (12.02-14.03.2021).<\/b><\/li>\n<li>Sus\u021binerea, prin str\u00e2ngerea fondurilor necesare dar \u0219i prin participarea direct\u0103, a <b>campaniei de cercet\u0103ri arheologice pentru descoperirea victimelor comunismului desf\u0103\u0219urat\u0103 la Caransebe\u0219 \u00een perioada 24-28.05.2021<\/b>. Aceast\u0103 campanie s-a efectuat de colectivul de arheologi ai Funda\u021biei Doina Cornea \u00een parteneriat cu AFPDR \u0219i sub coordonarea Parchetului Militar.<\/li>\n<li>Organizarea, \u00een parteneriat cu asocia\u021bia Create.Act.Enjoy, \u00een cadrul programului Case de Poveste a unei noi <b>vizite ghidate \u00een casa Doinei Cornea \u00een data de 2.06.2021<\/b><\/li>\n<li>Editarea \u0219i publicarea pe site-ul funda\u021biei a <b>buletinului informativ \u201eDe la opozi\u021bie spre comunism\u201d<\/b> cu articole semnate, printre al\u021bii, de Ana Blandiana, Emil Constantinescu, Dorin Tudoran, Gabriel Andreescu.<\/li>\n<\/ol>\n<p>\u00a0<\/p>\n<p class=\"p3\" style=\"text-align: center;\"><b>(2.6.2021 &#8211; prezent)<\/b><\/p>\n<ol>\n<li>Organizarea, \u00een parteneriat cu asocia\u021bia Create.Act.Enjoy, \u00een cadrul programului Case de Poveste (5-6.06.2021) a unei <b>vizite ghidate \u00een casa Doinei Cornea<\/b><\/li>\n<li>Organizarea <b>campaniei de cercet\u0103ri arheologice pentru descoperirea victimelor comunismului desf\u0103\u0219urat\u0103 la Periprava \u00een perioada 3-18.07.2021<\/b>. Aceast\u0103 campanie s-a efectuat de colectivul de arheologi ai Funda\u021biei Doina Cornea \u00een parteneriat cu AFDPR \u0219i sub coordonarea Parchetului Militar.<\/li>\n<li>\u00cenfiin\u0163area, prin protocolul semnat \u00een data de 19.07.2021 cu Biblioteca Central\u0103 Universitar\u0103 \u201eLucian Blaga\u201d din Cluj-Napoca, a <b>Bibliotecii Doina Cornea, devenit\u0103 astfel filial\u0103 a BCU<\/b>.<\/li>\n<li>A fost \u00eenfiin\u0163at\u0103 \u015fi acreditat\u0103 la Biblioteca Na\u0163ional\u0103 a Rom\u00e2niei, prin atestatul emis \u00een data de 5.08.2021, <b>Editura Doina Cornea<\/b>, ca departament al funda\u0163iei<\/li>\n<li>Organizarea <b>campaniei de cercet\u0103ri arheologice pentru descoperirea victimelor comunismului desf\u0103\u0219urat\u0103 la T\u00e2rgu Ocna \u00een perioada 3-13.10.2021<\/b>. Aceast\u0103 campanie s-a efectuat de colectivul de arheologi ai Funda\u021biei Doina Cornea \u00een parteneriat cu AFDPR \u0219i sub coordonarea Parchetului Militar.<\/li>\n<li>A fost publicat la Editura Doina Cornea <b>volumul de poezii \u201eSorin Grecu \u2013 Vara Cori\u015ftilor\u201d<\/b><\/li>\n<li>Funda\u0163ia a sponsorizat, prin intermediul Societ\u0103\u0163ii de Cruce Ro\u015fie Rom\u00e2ne <b>refugia\u0163ii din Ucraina<\/b> cu suma de 10.000 lei.<\/li>\n<li>Organizarea <b>campaniei de cercet\u0103ri arheologice pentru descoperirea victimelor comunismului desf\u0103\u0219urat\u0103 la T\u00e2rgu Ocna \u00een perioada 15-21.05.2022<\/b>. Aceast\u0103 campanie s-a efectuat de colectivul de arheologi ai Funda\u021biei Doina Cornea \u00een parteneriat cu AFDPR \u0219i sub coordonarea Parchetului Militar.<\/li>\n<li>A fost publicat la Editura Doina Cornea <b>albumul de fotografie \u201eFeleki Istv\u00e1n \u2013 Transpaysage\u201d<\/b><\/li>\n<li>Organizarea <b>campaniei de cercet\u0103ri arheologice pentru descoperirea victimelor comunismului desf\u0103\u0219urat\u0103 la Periprava \u00een perioada 1-11.08.2022<\/b>. Aceast\u0103 campanie s-a efectuat de colectivul de arheologi ai Funda\u021biei Doina Cornea \u00een parteneriat cu AFDPR \u0219i sub coordonarea Parchetului Militar<\/li>\n<\/ol>\n<p>\u00a0<\/p>\n<p class=\"p3\" style=\"text-align: center;\"><b>Evenimente \u00een curs de desf\u0103\u015furare<\/b><\/p>\n<ol class=\"ol1\">\n<li class=\"li1\"><b>Organizarea pelerinajului \u201eEi sunt Eroii\/ Un omagiu pentru martirii neamului\/2922 km pentru 2922 zile de deten\u0163ie\u201d<\/b> \u00een colaborare cu Marius Balo, AFDPR, Asocia\u0163ia \u201e15 Noiembrie Bra\u015fov\u201d, Funda\u0163ia Academia Civic\u0103, Asocia\u0163ia Rupicapra, Asocia\u0163ia Op\u00e9ration Villages Ukrainiens) \u00een curs de \u00eenregistrare juridic\u0103). Pelerinajul se desf\u0103\u015foar\u0103 \u00eentre 29.06.2022 \u015fi 23.10.2022.<\/li>\n<li class=\"li1\"><b>Funda\u0163ia Doina Cornea \u00eempreun\u0103 cu Televiziunea Rom\u00e2n\u0103 realizeaz\u0103 un film TV av\u00e2nd ca subiect pelerinajul lui Marius Balo la principalele locuri de deten\u0163ie \u015fi exterminare a Martirilor neamului.<\/b><\/li>\n<li class=\"li1\">Cu ocazia vernisajului expozi\u0163iei de fotografii Feleki Istv\u00e1n ce va avea loc la Muzeul de Art\u0103 din Cluj, a c\u0103rei co-organizator este, Funda\u0163ia Doina Cornea va lansa cel de-al doilea volum publicat: <b>Feleki Istv\u00e1n \u2013 Transpaysage<\/b> (7.09.2022 la ora 18,00).<\/li>\n<\/ol>\n<p>\u00a0<\/p>\n<p class=\"p1\" style=\"text-align: center;\"><b>Cu c\u00e2t mai mult vom avea \u015fi sus\u0163inerea voastr\u0103 financiar\u0103 cu at\u00e2t mai multe proiecte vom putea realiza \u00een concordan\u0163\u0103 cu obiectivele FUNDA\u0162IEI DOINA CORNEA!<\/b><\/p>\n<p class=\"p1\" style=\"text-align: center;\"><b>Printre aceste proiecte, pe care dorim s\u0103 le realiz\u0103m \u00een viitor sunt:<\/b><\/p>\n<p class=\"p1\" style=\"text-align: center;\"><b>&#8211; Expozi\u0163ia de pictur\u0103 \u015fi desen Doina Cornea<\/b><\/p>\n<p class=\"p1\" style=\"text-align: center;\"><b>&#8211; Republicarea c\u0103r\u0163ilor Doinei Cornea<\/b><\/p>\n<p class=\"p1\" style=\"text-align: center;\"><b>&#8211; Publicarea unui album de pictur\u0103 \u015fi desen Doina Cornea<\/b><\/p>\n<p class=\"p1\" style=\"text-align: center;\"><b>&#8211; Publicarea altor volume semnate Marius Oprea, Sorin Grecu. Marius Balo, etc.<\/b><\/p>\n<p class=\"p1\" style=\"text-align: center;\"><b>&#8211; Organizarea unor noi \u015fantiere arheologice pentru descoperirea victimelor comunismului \u00een Rom\u00e2nia<\/b><\/p>\n<p class=\"p1\" style=\"text-align: center;\"><b>NU EZITA\u0162I!<\/b><\/p>\n<p class=\"p1\" style=\"text-align: center;\"><b>\u00ceNREGISTRA\u0162I-V\u0102 CU O MIC\u0102 CONTRIBU\u0162IE LUNAR\u0102 CU CARDUL PE PAGINA DE DONA\u0162II A ACESTUI SITE!<\/b><\/p>    <\/div>\n<\/div>\n<!-- \/module text -->\t        <\/div>\n\t    \t<\/div>\n\t\t    <\/div>\n\t    <!-- \/row_inner -->\n\t<\/div>\n\t<!-- \/module_row -->\n\t<\/div>\n<!--\/themify_builder_content-->","protected":false},"excerpt":{"rendered":"<p>(2019 \u2013 2.06.2021) De\u0219i Funda\u021bia Doina Cornea a fost \u00eenfiin\u021bat\u0103 \u0219i \u00eenregistrat\u0103 doar \u00een data de 2.06.2021 ea a desf\u0103\u0219urat \u00eencep\u00e2nd cu anul 2020 \u015fi p\u00e2n\u0103 \u00een 2.06.2021, at\u00e2t c\u00e2t i-a permis legea, mai multe activit\u0103\u021bi convergente scopului \u0219i obiectivelor ei. Printre acestea putem enumera Demersuri, \u00eempreun\u0103 cu Funda\u0163ia Academia Civic\u0103 \u015fi Funda\u0163ia Corneliu Coposu, [&hellip;]<\/p>\n","protected":false},"author":1,"featured_media":0,"parent":0,"menu_order":0,"comment_status":"closed","ping_status":"closed","template":"","meta":[],"builder_content":"<p style=\"text-align: center;\"><b>(2019 \u2013 2.06.2021)<\/b><\/p> <p>De\u0219i Funda\u021bia Doina Cornea a fost \u00eenfiin\u021bat\u0103 \u0219i \u00eenregistrat\u0103 doar \u00een data de 2.06.2021 ea a desf\u0103\u0219urat \u00eencep\u00e2nd cu anul 2020 \u015fi p\u00e2n\u0103 \u00een 2.06.2021, at\u00e2t c\u00e2t i-a permis legea, mai multe activit\u0103\u021bi convergente scopului \u0219i obiectivelor ei.<\/p> <p>Printre acestea putem enumera<\/p> <ol> <li>Demersuri, \u00eempreun\u0103 cu Funda\u0163ia Academia Civic\u0103 \u015fi Funda\u0163ia Corneliu Coposu, pe l\u00e2ng\u0103 Romfilatelia pentru <b>emiterea unui timbru comemorativ \u201eDoina Cornea\u201d<\/b>. Din p\u0103cate Romfilatelia nu a considerat oportun\u0103 emiterea acest timbru comemorativ, din 2019 \u015fi p\u00e2n\u0103 acum.<\/li> <li>Organizarea, \u00een data de 20.02.2020, \u00een parteneriat cu Casa de Licita\u021bii Artmark \u0219i la sediul acesteia din Bucure\u0219ti, a unei conferin\u021be de pres\u0103 pentru sensibilizarea opiniei publice \u00een vederea str\u00e2ngerii de fonduri pentru \u00eenfiin\u0163area Funda\u021biei Doina Cornea \u0219i, implicit, crearea Casei memoriale Doina Cornea. Au participat \u0219i au \u021binut discursuri mai multe personalit\u0103\u021bi (pre\u0219edintele Emil Constantinescu, Dinu Zamfirescu) dar \u0219i reprezentan\u021bi ai unor institu\u021bii cum ar fi Ministerul Culturii sau AFPDR.<\/li> <li><b>Concert caritabil \u201eDoina Cornea \u2013 Lumina din \u00eentuneric\u201d<\/b> ce a avut loc \u00een data de 7.03.2020 \u00een sala de concerte Auditorium Maximum din Cluj (Casa Universitarilor). Concertul a fost sus\u021binut de Alexandru Tomescu \u0219i ansamblul \u201eFlauto Dolce\u201d beneficiind \u0219i de participarea actorului Dorel Vi\u0219an. Printre invita\u021bii de onoare care au participat \u0219i sus\u021binut discursuri la spectacol se num\u0103r\u0103 \u0219i pre\u0219edintele Emil Constantinescu, primarul Emil Boc, Ana Blandiana, Marius Oprea, reprezentan\u021bi ai AFPDR, ai Asocia\u021biei 15 Noiembrie 1987 Bra\u0219ov \u0219i al\u021bii.<\/li> <li>Sus\u021binerea, prin str\u00e2ngerea fondurilor necesare dar \u0219i prin participarea direct\u0103, a <b>campaniei de cercet\u0103ri arheologice pentru descoperirea victimelor comunismului desf\u0103\u0219urat\u0103 la Periprava \u00een perioada 31.08-4.09.2020<\/b>. Aceast\u0103 campanie s-a efectuat de colectivul de arheologi ai Funda\u021biei Doina Cornea \u00een parteneriat cu AFPDR \u0219i sub coordonarea Parchetului Militar.<\/li> <li>Sus\u021binerea, prin str\u00e2ngerea fondurilor necesare dar \u0219i prin participarea direct\u0103, a <b>campaniei de cercet\u0103ri arheologice pentru descoperirea victimelor comunismului desf\u0103\u0219urat\u0103 la T\u00e2rgu Ocna \u00een perioada 5-9.10.2020<\/b>. Aceast\u0103 campanie s-a efectuat de colectivul de arheologi ai Funda\u021biei Doina Cornea \u00een parteneriat cu AFPDR \u0219i sub coordonarea Parchetului Militar.<\/li> <li>Organizarea, \u00een parteneriat cu asocia\u021bia Create.Act.Enjoy, \u00een cadrul programului Case de Poveste (11-13.11.2020) a unei <b>vizite ghidate \u00een casa Doinei Cornea<\/b>.<\/li> <li>Preg\u0103tirea, \u00een parteneriat cu Artmark, a licita\u021biei caritabile pentru sprijinirea \u00eenfiin\u021b\u0103rii Funda\u021biei Doina Cornea ce a avut loc \u00een data de 16.12.2020 doar online, f\u0103r\u0103 participarea noastr\u0103 datorit\u0103 condi\u021biilor impuse pe timpul pandemiei.<\/li> <li>Preg\u0103tirea \u0219i organizarea, \u00een parteneriat cu Centrul Ceh de la Bucure\u0219ti, Muzeul Etnografic al Transilvaniei, Create.Act.Enjoy \u0219i Artmark a <b>expozi\u021biei \u201eEroinele\u201d, av\u00e2nd ca punct central personalitatea Doinei Cornea (12.02-14.03.2021).<\/b><\/li> <li>Sus\u021binerea, prin str\u00e2ngerea fondurilor necesare dar \u0219i prin participarea direct\u0103, a <b>campaniei de cercet\u0103ri arheologice pentru descoperirea victimelor comunismului desf\u0103\u0219urat\u0103 la Caransebe\u0219 \u00een perioada 24-28.05.2021<\/b>. Aceast\u0103 campanie s-a efectuat de colectivul de arheologi ai Funda\u021biei Doina Cornea \u00een parteneriat cu AFPDR \u0219i sub coordonarea Parchetului Militar.<\/li> <li>Organizarea, \u00een parteneriat cu asocia\u021bia Create.Act.Enjoy, \u00een cadrul programului Case de Poveste a unei noi <b>vizite ghidate \u00een casa Doinei Cornea \u00een data de 2.06.2021<\/b><\/li> <li>Editarea \u0219i publicarea pe site-ul funda\u021biei a <b>buletinului informativ \u201eDe la opozi\u021bie spre comunism\u201d<\/b> cu articole semnate, printre al\u021bii, de Ana Blandiana, Emil Constantinescu, Dorin Tudoran, Gabriel Andreescu.<\/li> <\/ol> <p>\u00a0<\/p> <p style=\"text-align: center;\"><b>(2.6.2021 - prezent)<\/b><\/p> <ol> <li>Organizarea, \u00een parteneriat cu asocia\u021bia Create.Act.Enjoy, \u00een cadrul programului Case de Poveste (5-6.06.2021) a unei <b>vizite ghidate \u00een casa Doinei Cornea<\/b><\/li> <li>Organizarea <b>campaniei de cercet\u0103ri arheologice pentru descoperirea victimelor comunismului desf\u0103\u0219urat\u0103 la Periprava \u00een perioada 3-18.07.2021<\/b>. Aceast\u0103 campanie s-a efectuat de colectivul de arheologi ai Funda\u021biei Doina Cornea \u00een parteneriat cu AFDPR \u0219i sub coordonarea Parchetului Militar.<\/li> <li>\u00cenfiin\u0163area, prin protocolul semnat \u00een data de 19.07.2021 cu Biblioteca Central\u0103 Universitar\u0103 \u201eLucian Blaga\u201d din Cluj-Napoca, a <b>Bibliotecii Doina Cornea, devenit\u0103 astfel filial\u0103 a BCU<\/b>.<\/li> <li>A fost \u00eenfiin\u0163at\u0103 \u015fi acreditat\u0103 la Biblioteca Na\u0163ional\u0103 a Rom\u00e2niei, prin atestatul emis \u00een data de 5.08.2021, <b>Editura Doina Cornea<\/b>, ca departament al funda\u0163iei<\/li> <li>Organizarea <b>campaniei de cercet\u0103ri arheologice pentru descoperirea victimelor comunismului desf\u0103\u0219urat\u0103 la T\u00e2rgu Ocna \u00een perioada 3-13.10.2021<\/b>. Aceast\u0103 campanie s-a efectuat de colectivul de arheologi ai Funda\u021biei Doina Cornea \u00een parteneriat cu AFDPR \u0219i sub coordonarea Parchetului Militar.<\/li> <li>A fost publicat la Editura Doina Cornea <b>volumul de poezii \u201eSorin Grecu \u2013 Vara Cori\u015ftilor\u201d<\/b><\/li> <li>Funda\u0163ia a sponsorizat, prin intermediul Societ\u0103\u0163ii de Cruce Ro\u015fie Rom\u00e2ne <b>refugia\u0163ii din Ucraina<\/b> cu suma de 10.000 lei.<\/li> <li>Organizarea <b>campaniei de cercet\u0103ri arheologice pentru descoperirea victimelor comunismului desf\u0103\u0219urat\u0103 la T\u00e2rgu Ocna \u00een perioada 15-21.05.2022<\/b>. Aceast\u0103 campanie s-a efectuat de colectivul de arheologi ai Funda\u021biei Doina Cornea \u00een parteneriat cu AFDPR \u0219i sub coordonarea Parchetului Militar.<\/li> <li>A fost publicat la Editura Doina Cornea <b>albumul de fotografie \u201eFeleki Istv\u00e1n \u2013 Transpaysage\u201d<\/b><\/li> <li>Organizarea <b>campaniei de cercet\u0103ri arheologice pentru descoperirea victimelor comunismului desf\u0103\u0219urat\u0103 la Periprava \u00een perioada 1-11.08.2022<\/b>. Aceast\u0103 campanie s-a efectuat de colectivul de arheologi ai Funda\u021biei Doina Cornea \u00een parteneriat cu AFDPR \u0219i sub coordonarea Parchetului Militar<\/li> <\/ol> <p>\u00a0<\/p> <p style=\"text-align: center;\"><b>Evenimente \u00een curs de desf\u0103\u015furare<\/b><\/p> <ol> <li><b>Organizarea pelerinajului \u201eEi sunt Eroii\/ Un omagiu pentru martirii neamului\/2922 km pentru 2922 zile de deten\u0163ie\u201d<\/b> \u00een colaborare cu Marius Balo, AFDPR, Asocia\u0163ia \u201e15 Noiembrie Bra\u015fov\u201d, Funda\u0163ia Academia Civic\u0103, Asocia\u0163ia Rupicapra, Asocia\u0163ia Op\u00e9ration Villages Ukrainiens) \u00een curs de \u00eenregistrare juridic\u0103). Pelerinajul se desf\u0103\u015foar\u0103 \u00eentre 29.06.2022 \u015fi 23.10.2022.<\/li> <li><b>Funda\u0163ia Doina Cornea \u00eempreun\u0103 cu Televiziunea Rom\u00e2n\u0103 realizeaz\u0103 un film TV av\u00e2nd ca subiect pelerinajul lui Marius Balo la principalele locuri de deten\u0163ie \u015fi exterminare a Martirilor neamului.<\/b><\/li> <li>Cu ocazia vernisajului expozi\u0163iei de fotografii Feleki Istv\u00e1n ce va avea loc la Muzeul de Art\u0103 din Cluj, a c\u0103rei co-organizator este, Funda\u0163ia Doina Cornea va lansa cel de-al doilea volum publicat: <b>Feleki Istv\u00e1n \u2013 Transpaysage<\/b> (7.09.2022 la ora 18,00).<\/li> <\/ol> <p>\u00a0<\/p> <p style=\"text-align: center;\"><b>Cu c\u00e2t mai mult vom avea \u015fi sus\u0163inerea voastr\u0103 financiar\u0103 cu at\u00e2t mai multe proiecte vom putea realiza \u00een concordan\u0163\u0103 cu obiectivele FUNDA\u0162IEI DOINA CORNEA!<\/b><\/p> <p style=\"text-align: center;\"><b>Printre aceste proiecte, pe care dorim s\u0103 le realiz\u0103m \u00een viitor sunt:<\/b><\/p> <p style=\"text-align: center;\"><b>- Expozi\u0163ia de pictur\u0103 \u015fi desen Doina Cornea<\/b><\/p> <p style=\"text-align: center;\"><b>- Republicarea c\u0103r\u0163ilor Doinei Cornea<\/b><\/p> <p style=\"text-align: center;\"><b>- Publicarea unui album de pictur\u0103 \u015fi desen Doina Cornea<\/b><\/p> <p style=\"text-align: center;\"><b>- Publicarea altor volume semnate Marius Oprea, Sorin Grecu. Marius Balo, etc.<\/b><\/p> <p style=\"text-align: center;\"><b>- Organizarea unor noi \u015fantiere arheologice pentru descoperirea victimelor comunismului \u00een Rom\u00e2nia<\/b><\/p> <p style=\"text-align: center;\"><b>NU EZITA\u0162I!<\/b><\/p> <p style=\"text-align: center;\"><b>\u00ceNREGISTRA\u0162I-V\u0102 CU O MIC\u0102 CONTRIBU\u0162IE LUNAR\u0102 CU CARDUL PE PAGINA DE DONA\u0162II A ACESTUI SITE!<\/b><\/p>","_links":{"self":[{"href":"https:\/\/editura-doinacornea.ro\/index.php\/wp-json\/wp\/v2\/pages\/410"}],"collection":[{"href":"https:\/\/editura-doinacornea.ro\/index.php\/wp-json\/wp\/v2\/pages"}],"about":[{"href":"https:\/\/editura-doinacornea.ro\/index.php\/wp-json\/wp\/v2\/types\/page"}],"author":[{"embeddable":true,"href":"https:\/\/editura-doinacornea.ro\/index.php\/wp-json\/wp\/v2\/users\/1"}],"replies":[{"embeddable":true,"href":"https:\/\/editura-doinacornea.ro\/index.php\/wp-json\/wp\/v2\/comments?post=410"}],"version-history":[{"count":21,"href":"https:\/\/editura-doinacornea.ro\/index.php\/wp-json\/wp\/v2\/pages\/410\/revisions"}],"predecessor-version":[{"id":4163,"href":"https:\/\/editura-doinacornea.ro\/index.php\/wp-json\/wp\/v2\/pages\/410\/revisions\/4163"}],"wp:attachment":[{"href":"https:\/\/editura-doinacornea.ro\/index.php\/wp-json\/wp\/v2\/media?parent=410"}],"curies":[{"name":"wp","href":"https:\/\/api.w.org\/{rel}","templated":true}]}}