{"id":83,"date":"2019-11-12T09:48:03","date_gmt":"2019-11-12T09:48:03","guid":{"rendered":"https:\/\/editura-doinacornea.ro\/?page_id=83"},"modified":"2023-06-18T09:51:44","modified_gmt":"2023-06-18T09:51:44","slug":"membri-fondatori","status":"publish","type":"page","link":"https:\/\/editura-doinacornea.ro\/index.php\/membri-fondatori\/","title":{"rendered":"Membri fondatori"},"content":{"rendered":"<!--themify_builder_content-->\n<div id=\"themify_builder_content-83\" data-postid=\"83\" class=\"themify_builder_content themify_builder_content-83 themify_builder tf_clear\">\n    \t<!-- module_row -->\n\t<div  data-lazy=\"1\" class=\"module_row themify_builder_row builder-parallax-scrolling tb_skc220 tb_first tf_clearfix\" >\n\t    \t\t<div class=\"row_inner col_align_top gutter-none col-count-1 tf_box tf_w tf_rel\"  data-tablet_dir=\"rtl\" data-mobile_dir=\"rtl\" data-basecol=\"1\" data-col_tablet=\"column-full\" data-col_mobile=\"column-full\">\n\t\t\t<div  data-lazy=\"1\" class=\"module_column tb-column col-full first tb_otwd21 tf_box\">\n\t\t\t    \t        <div class=\"tb-column-inner tf_box tf_w\">\n\t\t    <!-- module text -->\n<div  class=\"module module-text tb_bb2s22   \" data-lazy=\"1\">\n        <div  class=\"tb_text_wrap\">\n    <p style=\"text-align: center;\"><em><strong>Membrii funda\u0163iei p\u00e2n\u0103 \u00een acest moment:<\/strong><\/em><\/p>\n<p style=\"text-align: center;\"><em><strong>Gabriel Andreescu<\/strong><\/em><br \/><em><strong>&#8211;<\/strong><\/em><br \/><em><strong>Mariana Berinde<\/strong><\/em><br \/><em><strong>&#8211;<\/strong><\/em><br \/><em><strong>Ana Blandiana<\/strong><\/em><em><strong><br \/>&#8211;<\/strong><\/em><br \/><em><strong>Magda C\u00e2rneci<\/strong><\/em><br \/><em><strong>&#8211;<\/strong><\/em><br \/><em><strong>Emil Constantinescu<\/strong><\/em><br \/><em><strong>&#8211;<\/strong><\/em><br \/><em><strong>Emil Culda<\/strong><\/em><br \/><em><strong>&#8211;<\/strong><\/em><br \/><em><strong>Gavril Dejeu<\/strong><\/em><br \/><em><strong>&#8211;<\/strong><\/em><br \/><em><strong>Adrian Gog<\/strong><\/em><br \/><em><strong>&#8211;<\/strong><\/em><br \/><em><strong>Vasile Gogea<\/strong><\/em><br \/><em><strong>&#8211;<\/strong><\/em><br \/><em><strong>Liana Go\u0163a<\/strong><\/em><br \/><em><strong>&#8211;<\/strong><\/em><br \/><em><strong>Leontin Hora\u0163iu Iuhas<\/strong><\/em><br \/><em><strong>&#8211;<\/strong><\/em><br \/><em><strong>Cornel Jurju<\/strong><\/em><br \/><em><strong>&#8211;<\/strong><\/em><br \/><em><strong>Teodor Laz\u0103r<\/strong><\/em><br \/><em><strong>&#8211;<\/strong><\/em><br \/><em><strong>Stelian Manea<\/strong><\/em><br \/><em><strong>&#8211;<\/strong><\/em><br \/><em><strong>Nicolae M\u0103rgineanu<\/strong><\/em><br \/><em><strong>&#8211;<\/strong><\/em><br \/><em><strong>Mariana Mihu\u0163<\/strong><\/em><br \/><em><strong>&#8211;<\/strong><\/em><br \/><em><strong>Marius Oprea<\/strong><\/em><br \/><em><strong>&#8211;<\/strong><\/em><br \/><em><strong>Peter Pal<\/strong><\/em><br \/><em><strong>&#8211;<\/strong><\/em><br \/><em><strong>Mircea D\u0103nu\u0163 Popescu<\/strong><\/em><br \/><em><strong>&#8211;<\/strong><\/em><br \/><em><strong>C\u0103lin Popescu T\u0103riceanu (autosuspendat din funda\u0163ie p\u00e2n\u0103 la rezolvarea problemelor lui din justi\u0163ie)<\/strong><\/em><br \/><em><strong>&#8211;<\/strong><\/em><br \/><em><strong>Nicolae Procopan<\/strong><\/em><br \/><em><strong>&#8211;<\/strong><\/em><br \/><em><strong>Victor Rebengiuc<\/strong><\/em><br \/><em><strong>&#8211;<\/strong><\/em><br \/><em><strong>Dorin Tudoran (autosuspendat din funda\u021bie din motive de s\u0103n\u0103tate)<\/strong><\/em><br \/><em><strong>&#8211;<\/strong><\/em><br \/><em><strong>Daniela \u0162\u0103ranu<\/strong><\/em><br \/><em><strong>&#8211;<\/strong><\/em><br \/><em><strong>Dinu Zamfirescu<\/strong><\/em><br \/><em><strong>&#8211;<\/strong><\/em><br \/><em><strong>Asocia\u0163ia 15 Noiembrie Bra\u015fov<\/strong><\/em><br \/><em><strong>&#8211;<\/strong><\/em><br \/><a href=\"http:\/\/afdpr.ro\"><em><strong>Asocia\u0163ia Fo\u015ftilor De\u0163inu\u0163i Politici din Rom\u00e2nia<\/strong><\/em><\/a><br \/><em><strong>&#8211;<\/strong><\/em><br \/><a href=\"https:\/\/www.iordachescu-law.ro\"><em><strong>Societatea Civil\u0103 de Avoca\u021bi Iord\u0103chescu &amp; Asocia\u021bii<\/strong><\/em><\/a><br \/><em><strong>&#8211;<\/strong><\/em><br \/><strong>PS Florentin Crih\u0103lmeanu \u2020\u00a012 Ianuarie 2021<\/strong><\/p>\n<p style=\"text-align: center;\"><strong>Ion Caramitru\u00a0\u2020 5 Septembrie 2021<\/strong><\/p>\n<p style=\"text-align: center;\"><strong>Cornel \u0162\u0103ranu \u2020 18 Iunie 2023<\/strong><\/p>    <\/div>\n<\/div>\n<!-- \/module text -->\t        <\/div>\n\t    \t<\/div>\n\t\t    <\/div>\n\t    <!-- \/row_inner -->\n\t<\/div>\n\t<!-- \/module_row -->\n\t<\/div>\n<!--\/themify_builder_content-->","protected":false},"excerpt":{"rendered":"<p>Membrii funda\u0163iei p\u00e2n\u0103 \u00een acest moment: Gabriel Andreescu&#8211;Mariana Berinde&#8211;Ana Blandiana&#8211;Magda C\u00e2rneci&#8211;Emil Constantinescu&#8211;Emil Culda&#8211;Gavril Dejeu&#8211;Adrian Gog&#8211;Vasile Gogea&#8211;Liana Go\u0163a&#8211;Leontin Hora\u0163iu Iuhas&#8211;Cornel Jurju&#8211;Teodor Laz\u0103r&#8211;Stelian Manea&#8211;Nicolae M\u0103rgineanu&#8211;Mariana Mihu\u0163&#8211;Marius Oprea&#8211;Peter Pal&#8211;Mircea D\u0103nu\u0163 Popescu&#8211;C\u0103lin Popescu T\u0103riceanu (autosuspendat din funda\u0163ie p\u00e2n\u0103 la rezolvarea problemelor lui din justi\u0163ie)&#8211;Nicolae Procopan&#8211;Victor Rebengiuc&#8211;Dorin Tudoran (autosuspendat din funda\u021bie din motive de s\u0103n\u0103tate)&#8211;Daniela \u0162\u0103ranu&#8211;Dinu Zamfirescu&#8211;Asocia\u0163ia 15 Noiembrie Bra\u015fov&#8211;Asocia\u0163ia [&hellip;]<\/p>\n","protected":false},"author":1,"featured_media":0,"parent":0,"menu_order":0,"comment_status":"closed","ping_status":"closed","template":"","meta":[],"builder_content":"<p style=\"text-align: center;\"><em><strong>Membrii funda\u0163iei p\u00e2n\u0103 \u00een acest moment:<\/strong><\/em><\/p> <p style=\"text-align: center;\"><em><strong>Gabriel Andreescu<\/strong><\/em><br \/><em><strong>-<\/strong><\/em><br \/><em><strong>Mariana Berinde<\/strong><\/em><br \/><em><strong>-<\/strong><\/em><br \/><em><strong>Ana Blandiana<\/strong><\/em><em><strong><br \/>-<\/strong><\/em><br \/><em><strong>Magda C\u00e2rneci<\/strong><\/em><br \/><em><strong>-<\/strong><\/em><br \/><em><strong>Emil Constantinescu<\/strong><\/em><br \/><em><strong>-<\/strong><\/em><br \/><em><strong>Emil Culda<\/strong><\/em><br \/><em><strong>-<\/strong><\/em><br \/><em><strong>Gavril Dejeu<\/strong><\/em><br \/><em><strong>-<\/strong><\/em><br \/><em><strong>Adrian Gog<\/strong><\/em><br \/><em><strong>-<\/strong><\/em><br \/><em><strong>Vasile Gogea<\/strong><\/em><br \/><em><strong>-<\/strong><\/em><br \/><em><strong>Liana Go\u0163a<\/strong><\/em><br \/><em><strong>-<\/strong><\/em><br \/><em><strong>Leontin Hora\u0163iu Iuhas<\/strong><\/em><br \/><em><strong>-<\/strong><\/em><br \/><em><strong>Cornel Jurju<\/strong><\/em><br \/><em><strong>-<\/strong><\/em><br \/><em><strong>Teodor Laz\u0103r<\/strong><\/em><br \/><em><strong>-<\/strong><\/em><br \/><em><strong>Stelian Manea<\/strong><\/em><br \/><em><strong>-<\/strong><\/em><br \/><em><strong>Nicolae M\u0103rgineanu<\/strong><\/em><br \/><em><strong>-<\/strong><\/em><br \/><em><strong>Mariana Mihu\u0163<\/strong><\/em><br \/><em><strong>-<\/strong><\/em><br \/><em><strong>Marius Oprea<\/strong><\/em><br \/><em><strong>-<\/strong><\/em><br \/><em><strong>Peter Pal<\/strong><\/em><br \/><em><strong>-<\/strong><\/em><br \/><em><strong>Mircea D\u0103nu\u0163 Popescu<\/strong><\/em><br \/><em><strong>-<\/strong><\/em><br \/><em><strong>C\u0103lin Popescu T\u0103riceanu (autosuspendat din funda\u0163ie p\u00e2n\u0103 la rezolvarea problemelor lui din justi\u0163ie)<\/strong><\/em><br \/><em><strong>-<\/strong><\/em><br \/><em><strong>Nicolae Procopan<\/strong><\/em><br \/><em><strong>-<\/strong><\/em><br \/><em><strong>Victor Rebengiuc<\/strong><\/em><br \/><em><strong>-<\/strong><\/em><br \/><em><strong>Dorin Tudoran (autosuspendat din funda\u021bie din motive de s\u0103n\u0103tate)<\/strong><\/em><br \/><em><strong>-<\/strong><\/em><br \/><em><strong>Daniela \u0162\u0103ranu<\/strong><\/em><br \/><em><strong>-<\/strong><\/em><br \/><em><strong>Dinu Zamfirescu<\/strong><\/em><br \/><em><strong>-<\/strong><\/em><br \/><em><strong>Asocia\u0163ia 15 Noiembrie Bra\u015fov<\/strong><\/em><br \/><em><strong>-<\/strong><\/em><br \/><a href=\"http:\/\/afdpr.ro\"><em><strong>Asocia\u0163ia Fo\u015ftilor De\u0163inu\u0163i Politici din Rom\u00e2nia<\/strong><\/em><\/a><br \/><em><strong>-<\/strong><\/em><br \/><a href=\"https:\/\/www.iordachescu-law.ro\"><em><strong>Societatea Civil\u0103 de Avoca\u021bi Iord\u0103chescu &amp; Asocia\u021bii<\/strong><\/em><\/a><br \/><em><strong>-<\/strong><\/em><br \/><strong>PS Florentin Crih\u0103lmeanu \u2020\u00a012 Ianuarie 2021<\/strong><\/p> <p style=\"text-align: center;\"><strong>Ion Caramitru\u00a0\u2020 5 Septembrie 2021<\/strong><\/p> <p style=\"text-align: center;\"><strong>Cornel \u0162\u0103ranu \u2020 18 Iunie 2023<\/strong><\/p>","_links":{"self":[{"href":"https:\/\/editura-doinacornea.ro\/index.php\/wp-json\/wp\/v2\/pages\/83"}],"collection":[{"href":"https:\/\/editura-doinacornea.ro\/index.php\/wp-json\/wp\/v2\/pages"}],"about":[{"href":"https:\/\/editura-doinacornea.ro\/index.php\/wp-json\/wp\/v2\/types\/page"}],"author":[{"embeddable":true,"href":"https:\/\/editura-doinacornea.ro\/index.php\/wp-json\/wp\/v2\/users\/1"}],"replies":[{"embeddable":true,"href":"https:\/\/editura-doinacornea.ro\/index.php\/wp-json\/wp\/v2\/comments?post=83"}],"version-history":[{"count":25,"href":"https:\/\/editura-doinacornea.ro\/index.php\/wp-json\/wp\/v2\/pages\/83\/revisions"}],"predecessor-version":[{"id":4213,"href":"https:\/\/editura-doinacornea.ro\/index.php\/wp-json\/wp\/v2\/pages\/83\/revisions\/4213"}],"wp:attachment":[{"href":"https:\/\/editura-doinacornea.ro\/index.php\/wp-json\/wp\/v2\/media?parent=83"}],"curies":[{"name":"wp","href":"https:\/\/api.w.org\/{rel}","templated":true}]}}