{"id":3989,"date":"2021-07-12T11:45:47","date_gmt":"2021-07-12T11:45:47","guid":{"rendered":"https:\/\/editura-doinacornea.ro\/?post_type=product&#038;p=3989"},"modified":"2024-02-07T23:10:22","modified_gmt":"2024-02-07T23:10:22","slug":"donatie-500-lei","status":"publish","type":"product","link":"https:\/\/editura-doinacornea.ro\/index.php\/product\/donatie-500-lei\/","title":{"rendered":"Sorin Grecu \u2013 Vara cori\u015ftilor"},"content":{"rendered":"<!--themify_builder_content-->\n<div id=\"themify_builder_content-3989\" data-postid=\"3989\" class=\"themify_builder_content themify_builder_content-3989 themify_builder tf_clear\">\n    <\/div>\n<!--\/themify_builder_content-->\n","protected":false},"excerpt":{"rendered":"<p><img loading=\"lazy\" class=\"wp-image-4093 aligncenter\" src=\"https:\/\/editura-doinacornea.ro\/wp-content\/uploads\/2021\/07\/SIGLA-EDITURA-Doina-Cornea-x.png\" alt=\"\" width=\"406\" height=\"102\" srcset=\"https:\/\/editura-doinacornea.ro\/wp-content\/uploads\/2021\/07\/SIGLA-EDITURA-Doina-Cornea-x.png 489w, https:\/\/editura-doinacornea.ro\/wp-content\/uploads\/2021\/07\/SIGLA-EDITURA-Doina-Cornea-x-300x75.png 300w\" sizes=\"(max-width: 406px) 100vw, 406px\" \/><\/p>\n<p>&nbsp;<\/p>\n<p>&#8230; \u201eacum, la \u00eemplinirea a 60 de ani de via\u021b\u0103, ca odinioar\u0103, la v\u00e2rsta de cincisprezece ani \u2013 c\u00e2nd, vorba poetului, intrasem \u00een lume \u0219i poezie asemeni unui c\u0103prior \u00een mla\u0219tina vie\u021bii, crez\u00e2nd c\u0103-i paji\u0219te \u2013 fr\u0103m\u00e2ntat de acelea\u0219i \u00eentreb\u0103ri vin \u0219i v\u0103 prezint volumul \u201cVara cori\u0219tilor\u201d. Acesta con\u021bine crea\u021bii ce se \u00eentind pe parcursul a 45 de ani \u2013 de la starea din adolescen\u021b\u0103, de (aproape) demonizat, p\u00e2n\u0103 la cea de azi, de (aproape) schimnic.\u201d spune Sorin Grecu \u00een cuv\u00e2ntul autorului.<\/p>\n<p>Chiar la debutul s\u0103u \u00een poezie, Constantin Cuble\u015fan spunea: \u201eE \u00een total o poezie de o frumoas\u0103 tr\u0103ire emotional\u0103, \u00eentr-un cod esen\u0163ial banal, pe care Sorin Grecu \u015ftie s-o descifreze elegant, f\u0103r\u0103 striden\u0163e acute, descoperind \u00een dramaticul consum al nimicului, al perisabilului, frumuse\u0163ea \u00eens\u0103\u015fi a st\u0103rii lirice fundamentale.\u201d<\/p>\n<p>Aceast\u0103 antologie reprezint\u0103, de fapt, un jurnal \u00een versuri. Este jurnalul lui Sorin Grecu, este povestea transform\u0103rii lui, este povestea evolu\u0163iei de la poetul care are r\u0103spunsuri la toate \u00eentreb\u0103rile la cel care are \u00eentreb\u0103ri la toate r\u0103spunsurile.<\/p>\n","protected":false},"featured_media":4074,"comment_status":"open","ping_status":"closed","template":"","meta":[],"product_cat":[31],"product_tag":[],"builder_content":"","_links":{"self":[{"href":"https:\/\/editura-doinacornea.ro\/index.php\/wp-json\/wp\/v2\/product\/3989"}],"collection":[{"href":"https:\/\/editura-doinacornea.ro\/index.php\/wp-json\/wp\/v2\/product"}],"about":[{"href":"https:\/\/editura-doinacornea.ro\/index.php\/wp-json\/wp\/v2\/types\/product"}],"replies":[{"embeddable":true,"href":"https:\/\/editura-doinacornea.ro\/index.php\/wp-json\/wp\/v2\/comments?post=3989"}],"wp:featuredmedia":[{"embeddable":true,"href":"https:\/\/editura-doinacornea.ro\/index.php\/wp-json\/wp\/v2\/media\/4074"}],"wp:attachment":[{"href":"https:\/\/editura-doinacornea.ro\/index.php\/wp-json\/wp\/v2\/media?parent=3989"}],"wp:term":[{"taxonomy":"product_cat","embeddable":true,"href":"https:\/\/editura-doinacornea.ro\/index.php\/wp-json\/wp\/v2\/product_cat?post=3989"},{"taxonomy":"product_tag","embeddable":true,"href":"https:\/\/editura-doinacornea.ro\/index.php\/wp-json\/wp\/v2\/product_tag?post=3989"}],"curies":[{"name":"wp","href":"https:\/\/api.w.org\/{rel}","templated":true}]}}